{"id":25834,"date":"2021-04-16T05:50:04","date_gmt":"2021-04-16T03:50:04","guid":{"rendered":"https:\/\/cvxe.sjdigitaldemo.ovh\/familia\/"},"modified":"2022-05-18T14:33:24","modified_gmt":"2022-05-18T12:33:24","slug":"familia","status":"publish","type":"page","link":"https:\/\/cvx-e.es\/ca\/familia\/","title":{"rendered":"Fam\u00edlia"},"content":{"rendered":"<p>[et_pb_section fb_built=\u00bb1&#8243; admin_label=\u00bbHeader\u00bb _builder_version=\u00bb4.15&#8243; background_color=\u00bb#e5e5e5&#8243; background_color_gradient_start=\u00bbrgba(245,245,246,0.85)\u00bb background_color_gradient_end=\u00bb#ffffff\u00bb background_enable_image=\u00bboff\u00bb background_blend=\u00bbscreen\u00bb custom_margin=\u00bb||||false|false\u00bb custom_padding=\u00bb0px||0px||true|false\u00bb bottom_divider_color=\u00bb#163947&#8243; global_colors_info=\u00bb{}\u00bb][et_pb_row column_structure=\u00bb3_5,2_5&#8243; _builder_version=\u00bb4.15&#8243; background_size=\u00bbcontain\u00bb custom_margin=\u00bb||||false|false\u00bb custom_padding=\u00bb||||false|false\u00bb animation_style=\u00bbzoom\u00bb animation_intensity_zoom=\u00bb10%\u00bb global_colors_info=\u00bb{}\u00bb][et_pb_column type=\u00bb3_5&#8243; _builder_version=\u00bb4.15&#8243; custom_padding=\u00bb|||\u00bb global_colors_info=\u00bb{}\u00bb custom_padding__hover=\u00bb|||\u00bb][et_pb_text _builder_version=\u00bb4.15&#8243; _module_preset=\u00bbd3691eea-3049-4c7a-86d3-637edcbc34c0&#8243; global_colors_info=\u00bb{}\u00bb]<\/p>\n<h1>Al costat del cor de les fam\u00edlies<\/h1>\n<p>[\/et_pb_text][\/et_pb_column][et_pb_column type=\u00bb2_5&#8243; _builder_version=\u00bb4.15&#8243; custom_padding=\u00bb|||\u00bb global_colors_info=\u00bb{}\u00bb custom_padding__hover=\u00bb|||\u00bb][\/et_pb_column][\/et_pb_row][\/et_pb_section][et_pb_section fb_built=\u00bb1&#8243; custom_padding_last_edited=\u00bbon|phone\u00bb _builder_version=\u00bb4.15&#8243; _module_preset=\u00bbdefault\u00bb background_enable_color=\u00bboff\u00bb background_image=\u00bbhttps:\/\/cvx-e.es\/wp-content\/uploads\/2021\/11\/infant-gc5c762890_1920.jpeg\u00bb custom_padding=\u00bb200px||200px||true|false\u00bb custom_padding_tablet=\u00bb200px||200px||true|false\u00bb custom_padding_phone=\u00bb100px||100px||true|false\u00bb global_colors_info=\u00bb{}\u00bb][\/et_pb_section][et_pb_section fb_built=\u00bb1&#8243; admin_label=\u00bbAbout\u00bb _builder_version=\u00bb4.15&#8243; background_color=\u00bb#e5e5e5&#8243; background_enable_image=\u00bboff\u00bb background_size=\u00bbinitial\u00bb background_position=\u00bbcenter_right\u00bb background_blend=\u00bbsoft-light\u00bb custom_padding=\u00bb6vw||6vw||true|false\u00bb top_divider_height=\u00bb10vw\u00bb top_divider_repeat=\u00bb0.75x\u00bb bottom_divider_color=\u00bb#F5F5F6&#8243; global_colors_info=\u00bb{}\u00bb][et_pb_row column_structure=\u00bb3_5,2_5&#8243; _builder_version=\u00bb4.15&#8243; custom_padding=\u00bb||||false|false\u00bb locked=\u00bboff\u00bb global_colors_info=\u00bb{}\u00bb][et_pb_column type=\u00bb3_5&#8243; _builder_version=\u00bb4.15&#8243; custom_padding=\u00bb|||\u00bb global_colors_info=\u00bb{}\u00bb custom_padding__hover=\u00bb|||\u00bb][et_pb_text _builder_version=\u00bb4.15&#8243; text_font=\u00bb||||||||\u00bb text_text_color=\u00bb#191919&#8243; text_font_size=\u00bb22px\u00bb text_line_height=\u00bb34px\u00bb header_font=\u00bb||||||||\u00bb header_3_font=\u00bb|700|||||||\u00bb header_3_text_color=\u00bb#C95648&#8243; header_3_font_size=\u00bb26px\u00bb header_3_line_height=\u00bb1.6em\u00bb text_font_size_tablet=\u00bb18px\u00bb text_font_size_phone=\u00bb18px\u00bb text_font_size_last_edited=\u00bbon|tablet\u00bb header_3_font_size_tablet=\u00bb\u00bb header_3_font_size_phone=\u00bb20px\u00bb header_3_font_size_last_edited=\u00bbon|phone\u00bb locked=\u00bboff\u00bb global_colors_info=\u00bb{}\u00bb]El nostre objectiu \u00e9s ajudar al creixement i la plenitud de la vida familiar. Acompanyem les fam\u00edlies, <strong>especialment les<\/strong> <strong>que estan en situaci\u00f3 de dificultat o vulnerabilitat<\/strong> , atenent les noves realitats familiars i les diferents etapes de la vida familiar.[\/et_pb_text][\/et_pb_column][et_pb_column type=\u00bb2_5&#8243; _builder_version=\u00bb4.15&#8243; custom_padding=\u00bb|||\u00bb global_colors_info=\u00bb{}\u00bb custom_padding__hover=\u00bb|||\u00bb][et_pb_text _builder_version=\u00bb4.15&#8243; _module_preset=\u00bbdefault\u00bb text_line_height=\u00bb22px\u00bb max_width=\u00bb75%\u00bb max_width_tablet=\u00bb100%\u00bb max_width_phone=\u00bb\u00bb max_width_last_edited=\u00bbon|tablet\u00bb text_font_size_tablet=\u00bb14px\u00bb text_font_size_phone=\u00bb14px\u00bb text_font_size_last_edited=\u00bbon|tablet\u00bb global_colors_info=\u00bb{}\u00bb]<\/p>\n<p><span style=\"font-weight: 400;\">Al complex i canviant m\u00f3n actual, volem ajudar les fam\u00edlies a desenvolupar-se com a tals, <strong>adaptant els mitjans i la saviesa ignasiana a la vida familiar<\/strong> , el creixement de la parella i l&#8217;educaci\u00f3 dels fills.<\/span><\/p>\n<p><span style=\"font-weight: 400;\">Perqu\u00e8 necessitem eines, experi\u00e8ncies i maneres de fer que <strong>de forma no te\u00f2rica sin\u00f3 vivencial<\/strong> ens ajudin a desenvolupar la nostra vida familiar. De la mateixa manera que progressem i aprenem a la nostra vida professional, podem millorar i adquirir noves aptituds a la nostra vida de fam\u00edlia, sense morir d&#8217;avorriment en l&#8217;intent.<\/span><\/p>\n<p>[\/et_pb_text][\/et_pb_column][\/et_pb_row][\/et_pb_section][et_pb_section fb_built=\u00bb1&#8243; _builder_version=\u00bb4.15&#8243; _module_preset=\u00bbdefault\u00bb background_color=\u00bb#EFEEEB\u00bb global_colors_info=\u00bb{}\u00bb][et_pb_row column_structure=\u00bb1_2,1_2&#8243; _builder_version=\u00bb4.15&#8243; _module_preset=\u00bbdefault\u00bb global_colors_info=\u00bb{}\u00bb][et_pb_column type=\u00bb1_2&#8243; _builder_version=\u00bb4.15&#8243; _module_preset=\u00bbdefault\u00bb global_colors_info=\u00bb{}\u00bb][et_pb_text _builder_version=\u00bb4.15&#8243; _module_preset=\u00bbdefault\u00bb text_font_size=\u00bb18px\u00bb text_line_height=\u00bb22px\u00bb header_2_font=\u00bb|700|||||||\u00bb header_2_font_size=\u00bb24px\u00bb header_2_line_height=\u00bb32px\u00bb max_width=\u00bb80%\u00bb max_width_tablet=\u00bb100%\u00bb max_width_phone=\u00bb80%\u00bb max_width_last_edited=\u00bbon|desktop\u00bb text_font_size_tablet=\u00bb14px\u00bb text_font_size_phone=\u00bb14px\u00bb text_font_size_last_edited=\u00bbon|tablet\u00bb global_colors_info=\u00bb{}\u00bb]<\/p>\n<h2>\u00c0mbits dactuaci\u00f3<\/h2>\n<p><span style=\"font-weight: 400;\">Identifiquem aquells aspectes de la vida familiar en qu\u00e8 cal una pres\u00e8ncia o actuaci\u00f3 i no hi ha ning\u00fa que intervingui. Desenvolupem eines que ens permetin actuar en aquests \u00e0mbits de manera nova i els oferim a l&#8217;esgl\u00e9sia ia la societat, facilitant la formaci\u00f3 per acompanyar aquestes experi\u00e8ncies.<\/span><\/p>\n<p>[\/et_pb_text][\/et_pb_column][et_pb_column type=\u00bb1_2&#8243; _builder_version=\u00bb4.15&#8243; _module_preset=\u00bbdefault\u00bb global_colors_info=\u00bb{}\u00bb][\/et_pb_column][\/et_pb_row][\/et_pb_section][et_pb_section fb_built=\u00bb1&#8243; _builder_version=\u00bb4.15&#8243; _module_preset=\u00bbdefault\u00bb background_color=\u00bb#EFEEEB\u00bb custom_padding=\u00bb1px|||||\u00bb global_colors_info=\u00bb{}\u00bb][et_pb_row column_structure=\u00bb1_3,1_3,1_3&#8243; use_custom_gutter=\u00bbon\u00bb gutter_width=\u00bb2&#8243; make_equal=\u00bbon\u00bb _builder_version=\u00bb4.15&#8243; _module_preset=\u00bbdefault\u00bb border_radii=\u00bbon|25px|25px|25px|25px\u00bb global_colors_info=\u00bb{}\u00bb][et_pb_column type=\u00bb1_3&#8243; _builder_version=\u00bb4.15&#8243; _module_preset=\u00bbdefault\u00bb global_colors_info=\u00bb{}\u00bb][et_pb_blurb title=\u00bbRellotge de la fam\u00edlia\u00bb url=\u00bbhttps:\/\/cvx-e.es\/hacemos\/familia\/el-reloj-de-la-familia\/\u00bb image=\u00bbhttps:\/\/cvx-e.es\/wp-content\/uploads\/2022\/02\/relojdelafamilia2-1.png\u00bb alt=\u00bbfam\u00edlia\u00bb content_max_width=\u00bb540px\u00bb module_class=\u00bbmision\u00bb _builder_version=\u00bb4.15.1&#8243; _module_preset=\u00bbdefault\u00bb header_font=\u00bb||||||||\u00bb header_font_size=\u00bb16px\u00bb hover_enabled=\u00bb0&#8243; custom_css_blurb_title=\u00bbfont-weight:400;||border: 1px solid black;||padding:5px 15px;||display:inline-block;||border-radius:40px;||margin-bottom: 10px;\u00bb border_radii_image=\u00bbon|30px|30px|30px|30px\u00bb border_radii_image_tablet=\u00bbon|10px|10px|10px|10px\u00bb border_radii_image_phone=\u00bbon|10px|10px|10px|10px\u00bb border_radii_image_last_edited=\u00bbon|tablet\u00bb global_colors_info=\u00bb{}\u00bb custom_css_blurb_title__hover_enabled=\u00bbon|hover\u00bb custom_css_blurb_title__hover=\u00bbbackground: black;||color: white;\u00bb sticky_enabled=\u00bb0&#8243;]<\/p>\n<p>Amb tot i per a tots<\/p>\n<p>[\/et_pb_blurb][et_pb_blurb title=\u00bbPADIS (Pastoral de la diversitat sexual)\u00bb url=\u00bbhttps:\/\/cvx-e.es\/hacemos\/familia\/padis-pastoral-de-diversidad-sexual\/\u00bb image=\u00bbhttps:\/\/cvx-e.es\/wp-content\/uploads\/2021\/11\/Sociopoli\u0301tica.png\u00bb alt=\u00bbfam\u00edlia\u00bb module_class=\u00bbmision\u00bb _builder_version=\u00bb4.15.1&#8243; _module_preset=\u00bbdefault\u00bb header_font=\u00bb||||||||\u00bb header_font_size=\u00bb16px\u00bb custom_css_blurb_title=\u00bbfont-weight:400;||border: 1px solid black;||padding:5px 15px;||display:inline-block;||border-radius:40px;||margin-bottom: 10px;\u00bb border_radii_image_tablet=\u00bbon|10px|10px|10px|10px\u00bb border_radii_image_phone=\u00bbon|10px|10px|10px|10px\u00bb border_radii_image_last_edited=\u00bbon|tablet\u00bb global_colors_info=\u00bb{}\u00bb custom_css_blurb_title__hover_enabled=\u00bbon|hover\u00bb custom_css_blurb_title__hover=\u00bbbackground: black;||color: white;\u00bb]<\/p>\n<p>Discerniment ignasi\u00e0 per a la transformaci\u00f3 social<\/p>\n<p>[\/et_pb_blurb][\/et_pb_column][et_pb_column type=\u00bb1_3&#8243; _builder_version=\u00bb4.15&#8243; _module_preset=\u00bbdefault\u00bb global_colors_info=\u00bb{}\u00bb][et_pb_blurb title=\u00bbRellotge de la vida\u00bb url=\u00bbhttps:\/\/cvx-e.es\/hacemos\/familia\/el-reloj-de-la-vida\/\u00bb image=\u00bbhttps:\/\/cvx-e.es\/wp-content\/uploads\/2022\/02\/relojdelavida2.png\u00bb alt=\u00bbfam\u00edlia\u00bb module_class=\u00bbmision\u00bb _builder_version=\u00bb4.15.1&#8243; _module_preset=\u00bbdefault\u00bb header_font=\u00bb||||||||\u00bb header_font_size=\u00bb16px\u00bb custom_css_blurb_title=\u00bbfont-weight:400;||border: 1px solid black;||padding:5px 15px;||display:inline-block;||border-radius:40px;||margin-bottom: 10px;\u00bb border_radii_image=\u00bbon|30px|30px|30px|30px\u00bb border_radii_image_tablet=\u00bbon|10px|10px|10px|10px\u00bb border_radii_image_phone=\u00bbon|10px|10px|10px|10px\u00bb border_radii_image_last_edited=\u00bbon|tablet\u00bb global_colors_info=\u00bb{}\u00bb custom_css_blurb_title__hover_enabled=\u00bbon|hover\u00bb custom_css_blurb_title__hover=\u00bbbackground: black;||color: white;\u00bb]<\/p>\n<p>Des de la fragilitat abracem la trobada<\/p>\n<p>[\/et_pb_blurb][et_pb_blurb title=\u00bbAdolescents\u00bb url=\u00bbhttps:\/\/cvx-e.es\/hacemos\/familia\/adolescentes\/\u00bb image=\u00bbhttps:\/\/cvx-e.es\/wp-content\/uploads\/2021\/11\/mas.png\u00bb alt=\u00bbfam\u00edlia\u00bb module_class=\u00bbmision\u00bb _builder_version=\u00bb4.15.1&#8243; _module_preset=\u00bbdefault\u00bb header_font=\u00bb||||||||\u00bb header_font_size=\u00bb16px\u00bb custom_css_blurb_title=\u00bbfont-weight:400;||border: 1px solid black;||padding:5px 15px;||display:inline-block;||border-radius:40px;||margin-bottom: 10px;\u00bb border_radii_image=\u00bbon|10px|10px|10px|10px\u00bb global_colors_info=\u00bb{}\u00bb custom_css_blurb_title__hover_enabled=\u00bbon|hover\u00bb custom_css_blurb_title__hover=\u00bbbackground: black;||color: white;\u00bb]<\/p>\n<p>Continuem descobrint noves formes de missi\u00f3. L&#8217;ecologia, el paper de la dona&#8230;<\/p>\n<p>[\/et_pb_blurb][\/et_pb_column][et_pb_column type=\u00bb1_3&#8243; _builder_version=\u00bb4.15&#8243; _module_preset=\u00bbdefault\u00bb global_colors_info=\u00bb{}\u00bb][et_pb_blurb title=\u00bb4 Estacions\u00bb url=\u00bbhttps:\/\/cvx-e.es\/hacemos\/familia\/las-cuatro-estaciones\/\u00bb image=\u00bbhttps:\/\/cvx-e.es\/wp-content\/uploads\/2022\/02\/cuatroestaciones2.png\u00bb alt=\u00bbfam\u00edlia\u00bb module_class=\u00bbmision\u00bb _builder_version=\u00bb4.15.1&#8243; _module_preset=\u00bbdefault\u00bb header_font=\u00bb||||||||\u00bb header_font_size=\u00bb16px\u00bb custom_css_blurb_title=\u00bbfont-weight:400;||border: 1px solid black;||padding:5px 15px;||display:inline-block;||border-radius:40px;||margin-bottom: 10px;\u00bb border_radii_image=\u00bbon|30px|30px|30px|30px\u00bb border_radii_image_tablet=\u00bbon|10px|10px|10px|10px\u00bb border_radii_image_phone=\u00bbon|10px|10px|10px|10px\u00bb border_radii_image_last_edited=\u00bbon|tablet\u00bb global_colors_info=\u00bb{}\u00bb custom_css_blurb_title__hover_enabled=\u00bbon|hover\u00bb custom_css_blurb_title__hover=\u00bbbackground: black;||color: white;\u00bb]<\/p>\n<p>Potenciant el carisma ignasi\u00e0<\/p>\n<p>[\/et_pb_blurb][et_pb_blurb title=\u00bbTrobada de fam\u00edlies a Manresa\u00bb url=\u00bbhttps:\/\/cvx-e.es\/hacemos\/familia\/encuentro-de-familias-en-manresa\/\u00bb image=\u00bbhttps:\/\/cvx-e.es\/wp-content\/uploads\/2022\/02\/encuentromanresa2.png\u00bb alt=\u00bbfam\u00edlia\u00bb module_class=\u00bbmision\u00bb _builder_version=\u00bb4.15.1&#8243; _module_preset=\u00bbdefault\u00bb header_font=\u00bb||||||||\u00bb header_font_size=\u00bb16px\u00bb custom_css_blurb_title=\u00bbfont-weight:400;||border: 1px solid black;||padding:5px 15px;||display:inline-block;||border-radius:40px;||margin-bottom: 10px;\u00bb border_radii_image=\u00bbon|30px|30px|30px|30px\u00bb global_colors_info=\u00bb{}\u00bb custom_css_blurb_title__hover_enabled=\u00bbon|hover\u00bb custom_css_blurb_title__hover=\u00bbbackground: black;||color: white;\u00bb]<\/p>\n<p>Continuem descobrint noves formes de missi\u00f3. L&#8217;ecologia, el paper de la dona&#8230;<\/p>\n<p>[\/et_pb_blurb][\/et_pb_column][\/et_pb_row][\/et_pb_section][et_pb_section fb_built=\u00bb1&#8243; _builder_version=\u00bb4.15&#8243; _module_preset=\u00bbdefault\u00bb background_color=\u00bb#e5e5e5&#8243; background_enable_image=\u00bboff\u00bb background_blend=\u00bbscreen\u00bb bottom_divider_color=\u00bb#C95648&#8243; global_colors_info=\u00bb{}\u00bb][et_pb_row column_structure=\u00bb1_2,1_2&#8243; make_equal=\u00bbon\u00bb _builder_version=\u00bb4.15&#8243; _module_preset=\u00bbdefault\u00bb global_colors_info=\u00bb{}\u00bb][et_pb_column type=\u00bb1_2&#8243; _builder_version=\u00bb4.15&#8243; _module_preset=\u00bbdefault\u00bb global_colors_info=\u00bb{}\u00bb][et_pb_text _builder_version=\u00bb4.15&#8243; _module_preset=\u00bbdefault\u00bb text_line_height=\u00bb22px\u00bb header_font=\u00bb||||||||\u00bb header_2_font_size=\u00bb29px\u00bb header_3_font=\u00bb|800|||||||\u00bb header_3_font_size=\u00bb18px\u00bb header_3_line_height=\u00bb24px\u00bb max_width=\u00bb75%\u00bb max_width_tablet=\u00bb75%\u00bb max_width_phone=\u00bb100%\u00bb max_width_last_edited=\u00bbon|desktop\u00bb custom_padding=\u00bb2vw||||false|false\u00bb text_font_size_tablet=\u00bb\u00bb text_font_size_phone=\u00bb14px\u00bb text_font_size_last_edited=\u00bbon|phone\u00bb header_2_font_size_tablet=\u00bb29px\u00bb header_2_font_size_phone=\u00bb18px\u00bb header_2_font_size_last_edited=\u00bbon|phone\u00bb header_3_font_size_tablet=\u00bb18px\u00bb header_3_font_size_phone=\u00bb16px\u00bb header_3_font_size_last_edited=\u00bbon|phone\u00bb custom_css_main_element=\u00bbh3{||  font-weight: 800!important;||}\u00bb global_colors_info=\u00bb{}\u00bb]<\/p>\n<h2>Grans reptes per al futur<\/h2>\n<p><span style=\"font-weight: 400;\"><strong><\/strong><\/span><\/p>\n<p><span style=\"font-weight: 400;\"><strong><\/strong><\/span><\/p>\n<p><span style=\"font-weight: 400;\"><strong>Noves eines per a la preparaci\u00f3 al matrimoni<\/strong> , incorporant els aspectes que de veritat importen als que projecten una vida en com\u00fa.<\/span><\/p>\n<p>&nbsp;<\/p>\n<p>[\/et_pb_text][\/et_pb_column][et_pb_column type=\u00bb1_2&#8243; _builder_version=\u00bb4.15&#8243; _module_preset=\u00bbdefault\u00bb custom_css_main_element=\u00bbmargin: auto auto 0;\u00bb global_colors_info=\u00bb{}\u00bb][et_pb_text _builder_version=\u00bb4.15&#8243; _module_preset=\u00bbdefault\u00bb text_line_height=\u00bb24px\u00bb header_font=\u00bb||||||||\u00bb header_2_font_size=\u00bb29px\u00bb header_3_font=\u00bb|800|||||||\u00bb header_3_font_size=\u00bb18px\u00bb header_3_line_height=\u00bb24px\u00bb max_width=\u00bb75%\u00bb max_width_tablet=\u00bb75%\u00bb max_width_phone=\u00bb100%\u00bb max_width_last_edited=\u00bbon|desktop\u00bb custom_padding=\u00bb2vw||||false|false\u00bb text_font_size_tablet=\u00bb\u00bb text_font_size_phone=\u00bb14px\u00bb text_font_size_last_edited=\u00bbon|phone\u00bb text_line_height_tablet=\u00bb24px\u00bb text_line_height_phone=\u00bb22px\u00bb text_line_height_last_edited=\u00bbon|phone\u00bb header_font_size_tablet=\u00bb\u00bb header_font_size_phone=\u00bb\u00bb header_font_size_last_edited=\u00bbon|phone\u00bb header_2_font_size_tablet=\u00bb29px\u00bb header_2_font_size_phone=\u00bb18px\u00bb header_2_font_size_last_edited=\u00bbon|phone\u00bb custom_css_main_element=\u00bbh3{||  font-weight: 800!important;||}\u00bb global_colors_info=\u00bb{}\u00bb]<\/p>\n<p><span style=\"font-weight: 400;\"><strong>L&#8217;espiritualitat de la sexualitat<\/strong> , davant d&#8217;una concepci\u00f3 basada en normes i prohibicions que ha relegat la dimensi\u00f3 comunicativa i celebrativa.<\/span><\/p>\n<p><span style=\"font-weight: 400;\">Les crisis a la fam\u00edlia: <strong>com intervenir<\/strong> des dels valors que ens inspiren <strong>abans que sigui massa tard<\/strong> i la ruptura sigui inevitable.<\/span><\/p>\n<p>[\/et_pb_text][\/et_pb_column][\/et_pb_row][et_pb_row _builder_version=\u00bb4.15&#8243; _module_preset=\u00bbdefault\u00bb custom_padding=\u00bb||||false|false\u00bb global_colors_info=\u00bb{}\u00bb][et_pb_column type=\u00bb4_4&#8243; _builder_version=\u00bb4.15&#8243; _module_preset=\u00bbdefault\u00bb global_colors_info=\u00bb{}\u00bb][et_pb_text _builder_version=\u00bb4.15&#8243; _module_preset=\u00bbdefault\u00bb text_line_height=\u00bb24px\u00bb header_3_font=\u00bb|800|||||||\u00bb header_3_font_size=\u00bb18px\u00bb header_3_line_height=\u00bb24px\u00bb max_width_tablet=\u00bb\u00bb max_width_phone=\u00bb\u00bb max_width_last_edited=\u00bbon|desktop\u00bb custom_margin=\u00bb||10px||false|false\u00bb custom_padding=\u00bb2vw||0px||false|false\u00bb custom_css_main_element=\u00bbh3{||  font-weight: 800!important;||}\u00bb global_colors_info=\u00bb{}\u00bb]<\/p>\n<h3>Equip Missi\u00f3 Fam\u00edlia<\/h3>\n<p>[\/et_pb_text][et_pb_divider color=\u00bbrgba(25,25,25,0.2)\u00bb _builder_version=\u00bb4.15&#8243; _module_preset=\u00bbdefault\u00bb custom_margin=\u00bb0px||||false|false\u00bb custom_padding=\u00bb0px||||false|false\u00bb global_colors_info=\u00bb{}\u00bb][\/et_pb_divider][\/et_pb_column][\/et_pb_row][et_pb_row column_structure=\u00bb1_4,1_4,1_4,1_4&#8243; _builder_version=\u00bb4.15&#8243; _module_preset=\u00bbdefault\u00bb custom_padding=\u00bb0px||||false|false\u00bb global_colors_info=\u00bb{}\u00bb][et_pb_column type=\u00bb1_4&#8243; _builder_version=\u00bb4.15&#8243; _module_preset=\u00bbdefault\u00bb global_colors_info=\u00bb{}\u00bb][et_pb_text _builder_version=\u00bb4.15&#8243; _module_preset=\u00bbdefault\u00bb text_text_color=\u00bbrgba(25,25,25,0.6)\u00bb header_5_font=\u00bb||||||||\u00bb global_colors_info=\u00bb{}\u00bb]<\/p>\n<h5>Edith Ulloa<\/h5>\n<p>CVX Arrupe Elkartea a Bilbao<\/p>\n<p>[\/et_pb_text][\/et_pb_column][et_pb_column type=\u00bb1_4&#8243; _builder_version=\u00bb4.15&#8243; _module_preset=\u00bbdefault\u00bb global_colors_info=\u00bb{}\u00bb][et_pb_text _builder_version=\u00bb4.15&#8243; _module_preset=\u00bbdefault\u00bb text_text_color=\u00bbrgba(25,25,25,0.6)\u00bb header_5_font=\u00bb||||||||\u00bb global_colors_info=\u00bb{}\u00bb]<\/p>\n<h5>Ic\u00edar Bayarte Basterrechea<\/h5>\n<p>CVX a Saragossa<\/p>\n<p>[\/et_pb_text][\/et_pb_column][et_pb_column type=\u00bb1_4&#8243; _builder_version=\u00bb4.15&#8243; _module_preset=\u00bbdefault\u00bb global_colors_info=\u00bb{}\u00bb][et_pb_text _builder_version=\u00bb4.15&#8243; _module_preset=\u00bbdefault\u00bb text_text_color=\u00bbrgba(25,25,25,0.6)\u00bb header_5_font=\u00bb||||||||\u00bb global_colors_info=\u00bb{}\u00bb]<\/p>\n<h5>Marcs Morals<\/h5>\n<p>CVX a Sevilla<\/p>\n<p>[\/et_pb_text][\/et_pb_column][et_pb_column type=\u00bb1_4&#8243; _builder_version=\u00bb4.15&#8243; _module_preset=\u00bbdefault\u00bb global_colors_info=\u00bb{}\u00bb][et_pb_text _builder_version=\u00bb4.15&#8243; _module_preset=\u00bbdefault\u00bb text_text_color=\u00bbrgba(25,25,25,0.6)\u00bb header_5_font=\u00bb||||||||\u00bb global_colors_info=\u00bb{}\u00bb]<\/p>\n<h5>Marisol Ortiz Torrent (coordinadora)<\/h5>\n<p>CVX Pere Favre a Barcelona<\/p>\n<p>[\/et_pb_text][\/et_pb_column][\/et_pb_row][\/et_pb_section][et_pb_section fb_built=\u00bb1&#8243; admin_label=\u00bbFrequently Asked Questions\u00bb _builder_version=\u00bb4.15&#8243; background_color=\u00bb#EFEEEB\u00bb global_colors_info=\u00bb{}\u00bb][et_pb_row column_structure=\u00bb1_2,1_2&#8243; _builder_version=\u00bb4.15&#8243; _module_preset=\u00bbdefault\u00bb global_colors_info=\u00bb{}\u00bb][et_pb_column type=\u00bb1_2&#8243; _builder_version=\u00bb4.15&#8243; _module_preset=\u00bbdefault\u00bb global_colors_info=\u00bb{}\u00bb][et_pb_text _builder_version=\u00bb4.15&#8243; _module_preset=\u00bbdefault\u00bb text_font_size=\u00bb18px\u00bb header_2_font_size=\u00bb40px\u00bb header_2_line_height=\u00bb1.7em\u00bb custom_margin=\u00bb||0px||false|false\u00bb text_font_size_tablet=\u00bb14px\u00bb text_font_size_phone=\u00bb14px\u00bb text_font_size_last_edited=\u00bbon|tablet\u00bb header_2_font_size_tablet=\u00bb24px\u00bb header_2_font_size_phone=\u00bb24px\u00bb header_2_font_size_last_edited=\u00bbon|tablet\u00bb global_colors_info=\u00bb{}\u00bb]<\/p>\n<h2>Actualitat a la comunitat<\/h2>\n<p>[\/et_pb_text][et_pb_text _builder_version=\u00bb4.15&#8243; _module_preset=\u00bbdefault\u00bb text_line_height=\u00bb24px\u00bb header_3_font=\u00bb|800|||||||\u00bb header_3_font_size=\u00bb18px\u00bb header_3_line_height=\u00bb24px\u00bb max_width_tablet=\u00bb\u00bb max_width_phone=\u00bb\u00bb max_width_last_edited=\u00bbon|desktop\u00bb custom_padding=\u00bb0px||||false|false\u00bb text_font_size_tablet=\u00bb\u00bb text_font_size_phone=\u00bb14px\u00bb text_font_size_last_edited=\u00bbon|phone\u00bb header_3_font_size_tablet=\u00bb18px\u00bb header_3_font_size_phone=\u00bb16px\u00bb header_3_font_size_last_edited=\u00bbon|phone\u00bb custom_css_main_element=\u00bbh3{||  font-weight: 800!important;||}\u00bb global_colors_info=\u00bb{}\u00bb]<\/p>\n<p>Una comunitat molt viva que des de la manera de procedir de Jes\u00fas intenta anar donant respostes dia a dia a les realitats que al seu pas va trobant.<\/p>\n<p>[\/et_pb_text][\/et_pb_column][et_pb_column type=\u00bb1_2&#8243; _builder_version=\u00bb4.15&#8243; _module_preset=\u00bbdefault\u00bb global_colors_info=\u00bb{}\u00bb][et_pb_button button_url=\u00bb#\u00bb button_text=\u00bbTotes les not\u00edcies\u00bb button_alignment=\u00bbright\u00bb disabled_on=\u00bboff|off|off\u00bb module_class=\u00bbboton\u00bb _builder_version=\u00bb4.13.0&#8243; _module_preset=\u00bbdefault\u00bb custom_button=\u00bbon\u00bb button_text_size=\u00bb18px\u00bb button_border_width=\u00bb1px\u00bb button_border_radius=\u00bb40px\u00bb button_icon=\u00bb&#x24;||divi||400&#8243; button_on_hover=\u00bboff\u00bb animation_style=\u00bbslide\u00bb button_text_size_tablet=\u00bb14px\u00bb button_text_size_phone=\u00bb14px\u00bb button_text_size_last_edited=\u00bbon|tablet\u00bb global_colors_info=\u00bb{}\u00bb button_text_color__hover_enabled=\u00bbon|hover\u00bb button_text_color__hover=\u00bb#FFFFFF\u00bb button_bg_color__hover_enabled=\u00bbon|hover\u00bb button_bg_color__hover=\u00bb#191919&#8243; button_bg_enable_color__hover=\u00bbon\u00bb][\/et_pb_button][\/et_pb_column][\/et_pb_row][et_pb_row _builder_version=\u00bb4.15&#8243; _module_preset=\u00bbdefault\u00bb global_colors_info=\u00bb{}\u00bb][et_pb_column type=\u00bb4_4&#8243; _builder_version=\u00bb4.15&#8243; _module_preset=\u00bbdefault\u00bb global_colors_info=\u00bb{}\u00bb][et_pb_blog_extras posts_number=\u00bb1&#8243; include_categories=\u00bb1&#8243; blog_layout=\u00bbfull_width\u00bb featured_image_size=\u00bbmedium\u00bb show_more=\u00bboff\u00bb show_author=\u00bboff\u00bb show_categories=\u00bboff\u00bb show_comments=\u00bboff\u00bb _builder_version=\u00bb4.13.0&#8243; _module_preset=\u00bbdefault\u00bb header_font=\u00bb|600|||||||\u00bb header_text_color=\u00bb#191919&#8243; header_font_size=\u00bb30px\u00bb header_line_height=\u00bb40px\u00bb background_color=\u00bbRGBA(0,0,0,0)\u00bb header_font_size_tablet=\u00bb30px\u00bb header_font_size_phone=\u00bb18px\u00bb header_font_size_last_edited=\u00bbon|phone\u00bb header_line_height_tablet=\u00bb40px\u00bb header_line_height_phone=\u00bb28px\u00bb header_line_height_last_edited=\u00bbon|phone\u00bb body_font_size_tablet=\u00bb\u00bb body_font_size_phone=\u00bb14px\u00bb body_font_size_last_edited=\u00bbon|phone\u00bb body_line_height_tablet=\u00bb\u00bb body_line_height_phone=\u00bb22px\u00bb body_line_height_last_edited=\u00bbon|phone\u00bb global_colors_info=\u00bb{}\u00bb][\/et_pb_blog_extras][\/et_pb_column][\/et_pb_row][\/et_pb_section]<\/p>\n","protected":false},"excerpt":{"rendered":"<p>Al costat del cor de les fam\u00edliesEl nostre objectiu \u00e9s ajudar al creixement i la plenitud de la vida familiar. Acompanyem les fam\u00edlies, especialment les que estan en situaci\u00f3 de [&hellip;]<\/p>\n","protected":false},"author":5,"featured_media":0,"parent":0,"menu_order":0,"comment_status":"closed","ping_status":"closed","template":"","meta":{"_et_pb_use_builder":"on","_et_pb_old_content":"","_et_gb_content_width":"","_price":"","_stock":"","_tribe_ticket_header":"","_tribe_default_ticket_provider":"","_tribe_ticket_capacity":"0","_ticket_start_date":"","_ticket_end_date":"","_tribe_ticket_show_description":"","_tribe_ticket_show_not_going":false,"_tribe_ticket_use_global_stock":"","_tribe_ticket_global_stock_level":"","_global_stock_mode":"","_global_stock_cap":"","_tribe_rsvp_for_event":"","_tribe_ticket_going_count":"","_tribe_ticket_not_going_count":"","_tribe_tickets_list":"[]","_tribe_ticket_has_attendee_info_fields":false,"footnotes":"","_tec_slr_enabled":"","_tec_slr_layout":""},"class_list":["post-25834","page","type-page","status-publish","hentry"],"yoast_head":"<!-- This site is optimized with the Yoast SEO plugin v27.9 - https:\/\/yoast.com\/product\/yoast-seo-wordpress\/ -->\n<title>Fam\u00edlia - CVX en Espa\u00f1a<\/title>\n<meta name=\"robots\" content=\"index, follow, max-snippet:-1, max-image-preview:large, max-video-preview:-1\" \/>\n<link rel=\"canonical\" href=\"https:\/\/cvx-e.es\/ca\/familia\/\" \/>\n<meta property=\"og:locale\" content=\"ca_ES\" \/>\n<meta property=\"og:type\" content=\"article\" \/>\n<meta property=\"og:title\" content=\"Fam\u00edlia - CVX en Espa\u00f1a\" \/>\n<meta property=\"og:description\" content=\"Al costat del cor de les fam\u00edliesEl nostre objectiu \u00e9s ajudar al creixement i la plenitud de la vida familiar. Acompanyem les fam\u00edlies, especialment les que estan en situaci\u00f3 de [&hellip;]\" \/>\n<meta property=\"og:url\" content=\"https:\/\/cvx-e.es\/ca\/familia\/\" \/>\n<meta property=\"og:site_name\" content=\"CVX en Espa\u00f1a\" \/>\n<meta property=\"article:modified_time\" content=\"2022-05-18T12:33:24+00:00\" \/>\n<meta name=\"twitter:card\" content=\"summary_large_image\" \/>\n<meta name=\"twitter:label1\" content=\"Temps estimat de lectura\" \/>\n\t<meta name=\"twitter:data1\" content=\"14 minuts\" \/>\n<script type=\"application\/ld+json\" class=\"yoast-schema-graph\">{\"@context\":\"https:\\\/\\\/schema.org\",\"@graph\":[{\"@type\":\"WebPage\",\"@id\":\"https:\\\/\\\/cvx-e.es\\\/ca\\\/familia\\\/\",\"url\":\"https:\\\/\\\/cvx-e.es\\\/ca\\\/familia\\\/\",\"name\":\"Fam\u00edlia - CVX en Espa\u00f1a\",\"isPartOf\":{\"@id\":\"https:\\\/\\\/cvx-e.es\\\/ca\\\/#website\"},\"datePublished\":\"2021-04-16T03:50:04+00:00\",\"dateModified\":\"2022-05-18T12:33:24+00:00\",\"breadcrumb\":{\"@id\":\"https:\\\/\\\/cvx-e.es\\\/ca\\\/familia\\\/#breadcrumb\"},\"inLanguage\":\"ca\",\"potentialAction\":[{\"@type\":\"ReadAction\",\"target\":[\"https:\\\/\\\/cvx-e.es\\\/ca\\\/familia\\\/\"]}]},{\"@type\":\"BreadcrumbList\",\"@id\":\"https:\\\/\\\/cvx-e.es\\\/ca\\\/familia\\\/#breadcrumb\",\"itemListElement\":[{\"@type\":\"ListItem\",\"position\":1,\"name\":\"Inicio\",\"item\":\"https:\\\/\\\/cvx-e.es\\\/ca\\\/\"},{\"@type\":\"ListItem\",\"position\":2,\"name\":\"Fam\u00edlia\"}]},{\"@type\":\"WebSite\",\"@id\":\"https:\\\/\\\/cvx-e.es\\\/ca\\\/#website\",\"url\":\"https:\\\/\\\/cvx-e.es\\\/ca\\\/\",\"name\":\"CVX en Espa\u00f1a\",\"description\":\"Comunidad de Vida Cristiana Ignaciana\",\"potentialAction\":[{\"@type\":\"SearchAction\",\"target\":{\"@type\":\"EntryPoint\",\"urlTemplate\":\"https:\\\/\\\/cvx-e.es\\\/ca\\\/?s={search_term_string}\"},\"query-input\":{\"@type\":\"PropertyValueSpecification\",\"valueRequired\":true,\"valueName\":\"search_term_string\"}}],\"inLanguage\":\"ca\"}]}<\/script>\n<!-- \/ Yoast SEO plugin. -->","yoast_head_json":{"title":"Fam\u00edlia - CVX en Espa\u00f1a","robots":{"index":"index","follow":"follow","max-snippet":"max-snippet:-1","max-image-preview":"max-image-preview:large","max-video-preview":"max-video-preview:-1"},"canonical":"https:\/\/cvx-e.es\/ca\/familia\/","og_locale":"ca_ES","og_type":"article","og_title":"Fam\u00edlia - CVX en Espa\u00f1a","og_description":"Al costat del cor de les fam\u00edliesEl nostre objectiu \u00e9s ajudar al creixement i la plenitud de la vida familiar. Acompanyem les fam\u00edlies, especialment les que estan en situaci\u00f3 de [&hellip;]","og_url":"https:\/\/cvx-e.es\/ca\/familia\/","og_site_name":"CVX en Espa\u00f1a","article_modified_time":"2022-05-18T12:33:24+00:00","twitter_card":"summary_large_image","twitter_misc":{"Temps estimat de lectura":"14 minuts"},"schema":{"@context":"https:\/\/schema.org","@graph":[{"@type":"WebPage","@id":"https:\/\/cvx-e.es\/ca\/familia\/","url":"https:\/\/cvx-e.es\/ca\/familia\/","name":"Fam\u00edlia - CVX en Espa\u00f1a","isPartOf":{"@id":"https:\/\/cvx-e.es\/ca\/#website"},"datePublished":"2021-04-16T03:50:04+00:00","dateModified":"2022-05-18T12:33:24+00:00","breadcrumb":{"@id":"https:\/\/cvx-e.es\/ca\/familia\/#breadcrumb"},"inLanguage":"ca","potentialAction":[{"@type":"ReadAction","target":["https:\/\/cvx-e.es\/ca\/familia\/"]}]},{"@type":"BreadcrumbList","@id":"https:\/\/cvx-e.es\/ca\/familia\/#breadcrumb","itemListElement":[{"@type":"ListItem","position":1,"name":"Inicio","item":"https:\/\/cvx-e.es\/ca\/"},{"@type":"ListItem","position":2,"name":"Fam\u00edlia"}]},{"@type":"WebSite","@id":"https:\/\/cvx-e.es\/ca\/#website","url":"https:\/\/cvx-e.es\/ca\/","name":"CVX en Espa\u00f1a","description":"Comunidad de Vida Cristiana Ignaciana","potentialAction":[{"@type":"SearchAction","target":{"@type":"EntryPoint","urlTemplate":"https:\/\/cvx-e.es\/ca\/?s={search_term_string}"},"query-input":{"@type":"PropertyValueSpecification","valueRequired":true,"valueName":"search_term_string"}}],"inLanguage":"ca"}]}},"ticketed":false,"post_mailing_queue_ids":[],"_links":{"self":[{"href":"https:\/\/cvx-e.es\/ca\/wp-json\/wp\/v2\/pages\/25834","targetHints":{"allow":["GET"]}}],"collection":[{"href":"https:\/\/cvx-e.es\/ca\/wp-json\/wp\/v2\/pages"}],"about":[{"href":"https:\/\/cvx-e.es\/ca\/wp-json\/wp\/v2\/types\/page"}],"author":[{"embeddable":true,"href":"https:\/\/cvx-e.es\/ca\/wp-json\/wp\/v2\/users\/5"}],"replies":[{"embeddable":true,"href":"https:\/\/cvx-e.es\/ca\/wp-json\/wp\/v2\/comments?post=25834"}],"version-history":[{"count":0,"href":"https:\/\/cvx-e.es\/ca\/wp-json\/wp\/v2\/pages\/25834\/revisions"}],"wp:attachment":[{"href":"https:\/\/cvx-e.es\/ca\/wp-json\/wp\/v2\/media?parent=25834"}],"curies":[{"name":"wp","href":"https:\/\/api.w.org\/{rel}","templated":true}]}}